{"id":22633,"date":"2018-02-17T14:08:58","date_gmt":"2018-02-17T20:08:58","guid":{"rendered":"http:\/\/www.arxisdemexico.com.mx\/arxis\/?page_id=22633"},"modified":"2025-11-03T00:11:33","modified_gmt":"2025-11-03T06:11:33","slug":"capacitacion","status":"publish","type":"page","link":"https:\/\/arxisdemexico.com.mx\/arxis\/capacitacion\/","title":{"rendered":"Capacitaci\u00f3n"},"content":{"rendered":"<p>[et_pb_section fb_built=\u00bb1&#8243; _builder_version=\u00bb4.27.4&#8243; _module_preset=\u00bbdefault\u00bb custom_padding=\u00bb0px||0px||false|false\u00bb global_colors_info=\u00bb{}\u00bb][et_pb_row _builder_version=\u00bb4.27.4&#8243; _module_preset=\u00bbdefault\u00bb width=\u00bb95%\u00bb max_width=\u00bb95%\u00bb custom_padding=\u00bb0px||0px||false|false\u00bb global_colors_info=\u00bb{}\u00bb][et_pb_column type=\u00bb4_4&#8243; _builder_version=\u00bb4.27.4&#8243; _module_preset=\u00bbdefault\u00bb global_colors_info=\u00bb{}\u00bb][wdcl_image_carousel animation_speed=\u00bb1800ms\u00bb slide_count=\u00bb1&#8243; arrow_color=\u00bb#0C71C3&#8243; arrow_bg=\u00bb#FFFFFF\u00bb _builder_version=\u00bb4.27.4&#8243; _module_preset=\u00bbdefault\u00bb global_colors_info=\u00bb{}\u00bb][wdcl_image_carousel_child photo=\u00bbhttps:\/\/arxisdemexico.com.mx\/arxis\/wp-content\/uploads\/2025\/10\/Banner-seccion-Capacitacion.webp\u00bb _builder_version=\u00bb4.27.4&#8243; _module_preset=\u00bbdefault\u00bb global_colors_info=\u00bb{}\u00bb][\/wdcl_image_carousel_child][wdcl_image_carousel_child photo=\u00bbhttps:\/\/arxisdemexico.com.mx\/arxis\/wp-content\/uploads\/2025\/10\/1.jpg\u00bb _builder_version=\u00bb4.27.4&#8243; _module_preset=\u00bbdefault\u00bb global_colors_info=\u00bb{}\u00bb][\/wdcl_image_carousel_child][wdcl_image_carousel_child photo=\u00bbhttps:\/\/arxisdemexico.com.mx\/arxis\/wp-content\/uploads\/2025\/10\/2.jpg\u00bb _builder_version=\u00bb4.27.4&#8243; _module_preset=\u00bbdefault\u00bb global_colors_info=\u00bb{}\u00bb][\/wdcl_image_carousel_child][wdcl_image_carousel_child photo=\u00bbhttps:\/\/arxisdemexico.com.mx\/arxis\/wp-content\/uploads\/2025\/10\/3.jpg\u00bb _builder_version=\u00bb4.27.4&#8243; _module_preset=\u00bbdefault\u00bb global_colors_info=\u00bb{}\u00bb][\/wdcl_image_carousel_child][wdcl_image_carousel_child photo=\u00bbhttps:\/\/arxisdemexico.com.mx\/arxis\/wp-content\/uploads\/2025\/10\/4.jpg\u00bb _builder_version=\u00bb4.27.4&#8243; _module_preset=\u00bbdefault\u00bb global_colors_info=\u00bb{}\u00bb][\/wdcl_image_carousel_child][\/wdcl_image_carousel][\/et_pb_column][\/et_pb_row][\/et_pb_section][et_pb_section fb_built=\u00bb1&#8243; _builder_version=\u00bb4.27.4&#8243; _module_preset=\u00bbdefault\u00bb custom_padding=\u00bb||5px|||\u00bb global_colors_info=\u00bb{}\u00bb][et_pb_row _builder_version=\u00bb4.27.4&#8243; _module_preset=\u00bbdefault\u00bb global_colors_info=\u00bb{}\u00bb][et_pb_column type=\u00bb4_4&#8243; _builder_version=\u00bb4.27.4&#8243; _module_preset=\u00bbdefault\u00bb global_colors_info=\u00bb{}\u00bb][et_pb_heading title=\u00bbCapacitaci\u00f3n Especializada: Potenciamos tu conocimiento\u00bb _builder_version=\u00bb4.27.4&#8243; _module_preset=\u00bbdefault\u00bb title_font=\u00bb|700|||||||\u00bb title_text_align=\u00bbcenter\u00bb title_line_height=\u00bb1.3em\u00bb title_font_size_tablet=\u00bb\u00bb title_font_size_phone=\u00bb21px\u00bb title_font_size_last_edited=\u00bbon|phone\u00bb border_width_bottom=\u00bb2px\u00bb border_color_bottom=\u00bb#0C71C3&#8243; global_colors_info=\u00bb{}\u00bb][\/et_pb_heading][et_pb_heading title=\u00bbCursos pr\u00e1cticos dise\u00f1ados para profesionales que buscan dominar la tecnolog\u00eda de vanguardia.\u00bb _builder_version=\u00bb4.27.4&#8243; _module_preset=\u00bbdefault\u00bb title_level=\u00bbh2&#8243; title_font=\u00bb||||||||\u00bb title_text_align=\u00bbcenter\u00bb title_line_height=\u00bb1.3em\u00bb custom_margin=\u00bb||6px|||\u00bb title_font_size_tablet=\u00bb\u00bb title_font_size_phone=\u00bb18px\u00bb title_font_size_last_edited=\u00bbon|phone\u00bb border_width_bottom=\u00bb0px\u00bb border_color_bottom=\u00bb#0C71C3&#8243; global_colors_info=\u00bb{}\u00bb][\/et_pb_heading][et_pb_text _builder_version=\u00bb4.27.4&#8243; _module_preset=\u00bbdefault\u00bb global_colors_info=\u00bb{}\u00bb]<\/p>\n<p>En Arxis, no solo vendemos tecnolog\u00eda; te ense\u00f1amos a aprovecharla al m\u00e1ximo. Nuestras capacitaciones, impartidas por ingenieros certificados, est\u00e1n focused en brindar conocimiento pr\u00e1ctico y aplicable desde el primer d\u00eda.<\/p>\n<p>[\/et_pb_text][\/et_pb_column][\/et_pb_row][\/et_pb_section][et_pb_section fb_built=\u00bb1&#8243; fullwidth=\u00bbon\u00bb _builder_version=\u00bb4.27.4&#8243; _module_preset=\u00bbdefault\u00bb global_colors_info=\u00bb{}\u00bb][et_pb_fullwidth_image src=\u00bbhttps:\/\/arxisdemexico.com.mx\/arxis\/wp-content\/uploads\/2025\/10\/Porque-elegir-nuestras-capacitaciones.webp\u00bb title_text=\u00bbTexto\u00bb url=\u00bbhttps:\/\/arxisdemexico.com.mx\/arxis\/contacto-arxis\/\u00bb src_tablet=\u00bbhttps:\/\/arxisdemexico.com.mx\/arxis\/wp-content\/uploads\/2025\/10\/Porque-elegir-nuestras-capacitaciones.webp\u00bb src_phone=\u00bbhttps:\/\/arxisdemexico.com.mx\/arxis\/wp-content\/uploads\/2025\/10\/Texto.jpg\u00bb src_last_edited=\u00bbon|phone\u00bb _builder_version=\u00bb4.27.4&#8243; _module_preset=\u00bbdefault\u00bb global_colors_info=\u00bb{}\u00bb][\/et_pb_fullwidth_image][\/et_pb_section][et_pb_section fb_built=\u00bb1&#8243; disabled_on=\u00bbon|on|on\u00bb _builder_version=\u00bb4.27.4&#8243; _module_preset=\u00bbdefault\u00bb background_color=\u00bbrgba(12,113,195,0.39)\u00bb custom_padding=\u00bb1px||0px|||\u00bb disabled=\u00bbon\u00bb global_colors_info=\u00bb{}\u00bb][et_pb_row column_structure=\u00bb1_6,1_6,1_6,1_6,1_6,1_6&#8243; use_custom_gutter=\u00bbon\u00bb gutter_width=\u00bb2&#8243; make_equal=\u00bbon\u00bb _builder_version=\u00bb4.27.4&#8243; _module_preset=\u00bbdefault\u00bb width=\u00bb95%\u00bb max_width=\u00bb95%\u00bb global_colors_info=\u00bb{}\u00bb][et_pb_column type=\u00bb1_6&#8243; _builder_version=\u00bb4.27.4&#8243; _module_preset=\u00bbdefault\u00bb global_colors_info=\u00bb{}\u00bb][et_pb_testimonial author=\u00bbCapacitaci\u00f3n en CCTV y Alarmas Dahua\u00bb portrait_url=\u00bbhttps:\/\/arxisdemexico.com.mx\/arxis\/wp-content\/uploads\/2017\/07\/Logo_A.png\u00bb portrait_width_tablet=\u00bb\u00bb portrait_width_phone=\u00bb40px\u00bb portrait_width_last_edited=\u00bbon|phone\u00bb portrait_height_tablet=\u00bb\u00bb portrait_height_phone=\u00bb40px\u00bb portrait_height_last_edited=\u00bbon|phone\u00bb _builder_version=\u00bb4.27.4&#8243; _module_preset=\u00bbdefault\u00bb body_font_size_tablet=\u00bb\u00bb body_font_size_phone=\u00bb13px\u00bb body_font_size_last_edited=\u00bbon|phone\u00bb author_font_size_tablet=\u00bb\u00bb author_font_size_phone=\u00bb12px\u00bb author_font_size_last_edited=\u00bbon|phone\u00bb global_colors_info=\u00bb{}\u00bb]<\/p>\n<p>\u00abExcelente jornada de capacitaci\u00f3n en sistemas Dahua. Los instructores demostraron un dominio impresionante de la tecnolog\u00eda CCTV y alarmas. Aprendimos desde la instalaci\u00f3n hasta la configuraci\u00f3n avanzada. \u00a1Totalmente recomendado para profesionales de la seguridad!\u00bb<\/p>\n<p>[\/et_pb_testimonial][\/et_pb_column][et_pb_column type=\u00bb1_6&#8243; _builder_version=\u00bb4.27.4&#8243; _module_preset=\u00bbdefault\u00bb global_colors_info=\u00bb{}\u00bb][et_pb_testimonial author=\u00bbCarlos Mendoza\u00bb job_title=\u00bbT\u00e9cnico en Seguridad Electr\u00f3nica\u00bb portrait_url=\u00bbhttps:\/\/arxisdemexico.com.mx\/arxis\/wp-content\/uploads\/2025\/11\/20251031_102520_0003.webp\u00bb _builder_version=\u00bb4.27.4&#8243; _module_preset=\u00bbdefault\u00bb body_font_size_tablet=\u00bb\u00bb body_font_size_phone=\u00bb13px\u00bb body_font_size_last_edited=\u00bbon|phone\u00bb author_font_size_tablet=\u00bb\u00bb author_font_size_phone=\u00bb12px\u00bb author_font_size_last_edited=\u00bbon|phone\u00bb global_colors_info=\u00bb{}\u00bb title_text=\u00bb20251031_102520_0003&#8243; hover_enabled=\u00bb0&#8243; sticky_enabled=\u00bb0&#8243;]<\/p>\n<p>\u00abEl taller de alarma contra incendios super\u00f3 mis expectativas. La explicaci\u00f3n del sistema conventional fire alarm fue clara y pr\u00e1ctica. Ahora me siento capaz de instalar y mantener estos sistemas con total confianza.\u00bb<\/p>\n<p>[\/et_pb_testimonial][\/et_pb_column][et_pb_column type=\u00bb1_6&#8243; _builder_version=\u00bb4.27.4&#8243; _module_preset=\u00bbdefault\u00bb global_colors_info=\u00bb{}\u00bb][et_pb_testimonial author=\u00bbMar\u00eda Gonz\u00e1lez\u00bb job_title=\u00bbIngeniera en Protecci\u00f3n Civil\u00bb portrait_url=\u00bbhttps:\/\/arxisdemexico.com.mx\/arxis\/wp-content\/uploads\/2025\/11\/20251031_102520_0000.webp\u00bb _builder_version=\u00bb4.27.4&#8243; _module_preset=\u00bbdefault\u00bb body_font_size_tablet=\u00bb\u00bb body_font_size_phone=\u00bb13px\u00bb body_font_size_last_edited=\u00bbon|phone\u00bb author_font_size_tablet=\u00bb\u00bb author_font_size_phone=\u00bb12px\u00bb author_font_size_last_edited=\u00bbon|phone\u00bb global_colors_info=\u00bb{}\u00bb title_text=\u00bb20251031_102520_0000&#8243; hover_enabled=\u00bb0&#8243; sticky_enabled=\u00bb0&#8243;]<\/p>\n<p>\u00abSi est\u00e1n considerando asistir a alg\u00fan taller de Arxis, no lo duden. La inversi\u00f3n en conocimiento siempre retorna. Yo asist\u00ed al de CCTV Dahua y ahora he podido implementar proyectos m\u00e1s complejos y mejor cotizados.\u00bb<\/p>\n<p>[\/et_pb_testimonial][\/et_pb_column][et_pb_column type=\u00bb1_6&#8243; _builder_version=\u00bb4.27.4&#8243; _module_preset=\u00bbdefault\u00bb global_colors_info=\u00bb{}\u00bb][et_pb_testimonial author=\u00bbRoberto Silva\u00bb job_title=\u00bbIntegrador de Seguridad\u00bb portrait_url=\u00bbhttps:\/\/arxisdemexico.com.mx\/arxis\/wp-content\/uploads\/2025\/11\/20251031_102520_0002.webp\u00bb _builder_version=\u00bb4.27.4&#8243; _module_preset=\u00bbdefault\u00bb body_font_size_tablet=\u00bb\u00bb body_font_size_phone=\u00bb13px\u00bb body_font_size_last_edited=\u00bbon|phone\u00bb author_font_size_tablet=\u00bb\u00bb author_font_size_phone=\u00bb12px\u00bb author_font_size_last_edited=\u00bbon|phone\u00bb global_colors_info=\u00bb{}\u00bb title_text=\u00bb20251031_102520_0002&#8243; hover_enabled=\u00bb0&#8243; sticky_enabled=\u00bb0&#8243;]<\/p>\n<p>\u00abLos capacitadores de Arxis no solo son expertos t\u00e9cnicos, sino que saben transmitir su conocimiento de manera accesible. Resolvieron todas nuestras dudas espec\u00edficas de campo con paciencia y expertise.\u00bb<\/p>\n<p>[\/et_pb_testimonial][\/et_pb_column][et_pb_column type=\u00bb1_6&#8243; _builder_version=\u00bb4.27.4&#8243; _module_preset=\u00bbdefault\u00bb global_colors_info=\u00bb{}\u00bb][et_pb_testimonial author=\u00bbAna Rodr\u00edguez\u00bb job_title=\u00bbInstaladora Certificada\u00bb portrait_url=\u00bbhttps:\/\/arxisdemexico.com.mx\/arxis\/wp-content\/uploads\/2025\/11\/20251031_102520_0001.webp\u00bb _builder_version=\u00bb4.27.4&#8243; _module_preset=\u00bbdefault\u00bb body_font_size_tablet=\u00bb\u00bb body_font_size_phone=\u00bb13px\u00bb body_font_size_last_edited=\u00bbon|phone\u00bb author_font_size_tablet=\u00bb\u00bb author_font_size_phone=\u00bb12px\u00bb author_font_size_last_edited=\u00bbon|phone\u00bb global_colors_info=\u00bb{}\u00bb title_text=\u00bb20251031_102520_0001&#8243; hover_enabled=\u00bb0&#8243; sticky_enabled=\u00bb0&#8243;]<\/p>\n<p>\u00abLa capacitaci\u00f3n en HDCV1 X Plus y CCTV con IA fue revolucionaria. Los casos pr\u00e1cticos con tecnolog\u00eda WizMind nos permitieron comprender el real potencial del videoan\u00e1lisis inteligente. Arxis realmente est\u00e1 a la vanguardia.\u00bb<\/p>\n<p>[\/et_pb_testimonial][\/et_pb_column][et_pb_column type=\u00bb1_6&#8243; _builder_version=\u00bb4.27.4&#8243; _module_preset=\u00bbdefault\u00bb global_colors_info=\u00bb{}\u00bb][et_pb_testimonial author=\u00bbIng. Luis Torres\u00bb job_title=\u00bbProyectista en Seguridad\u00bb portrait_url=\u00bbhttps:\/\/arxisdemexico.com.mx\/arxis\/wp-content\/uploads\/2025\/11\/20251031_102520_0004.webp\u00bb _builder_version=\u00bb4.27.4&#8243; _module_preset=\u00bbdefault\u00bb body_font_size_tablet=\u00bb\u00bb body_font_size_phone=\u00bb13px\u00bb body_font_size_last_edited=\u00bbon|phone\u00bb author_font_size_tablet=\u00bb\u00bb author_font_size_phone=\u00bb12px\u00bb author_font_size_last_edited=\u00bbon|phone\u00bb global_colors_info=\u00bb{}\u00bb title_text=\u00bb20251031_102520_0004&#8243; hover_enabled=\u00bb0&#8243; sticky_enabled=\u00bb0&#8243;]<\/p>\n<p>\u00abLo que m\u00e1s valoro de las capacitaciones de Arxis es que combinan perfectamente la teor\u00eda con la pr\u00e1ctica. En el taller de alarmas contra incendios no solo vimos diagramas, sino que trabajamos con equipos reales. Eso marca la diferencia.\u00bb<\/p>\n<p>[\/et_pb_testimonial][\/et_pb_column][\/et_pb_row][\/et_pb_section][et_pb_section fb_built=\u00bb1&#8243; _builder_version=\u00bb4.27.4&#8243; _module_preset=\u00bbdefault\u00bb background_color=\u00bbrgba(12,113,195,0.39)\u00bb custom_padding=\u00bb1px||0px|||\u00bb global_colors_info=\u00bb{}\u00bb][et_pb_row column_structure=\u00bb1_2,1_2&#8243; use_custom_gutter=\u00bbon\u00bb gutter_width=\u00bb2&#8243; make_equal=\u00bbon\u00bb _builder_version=\u00bb4.27.4&#8243; _module_preset=\u00bbdefault\u00bb width=\u00bb95%\u00bb max_width=\u00bb95%\u00bb global_colors_info=\u00bb{}\u00bb][et_pb_column type=\u00bb1_2&#8243; _builder_version=\u00bb4.27.4&#8243; _module_preset=\u00bbdefault\u00bb global_colors_info=\u00bb{}\u00bb][et_pb_testimonial author=\u00bbIng. Luis Torres\u00bb job_title=\u00bbProyectista en Seguridad\u00bb portrait_url=\u00bbhttps:\/\/arxisdemexico.com.mx\/arxis\/wp-content\/uploads\/2025\/11\/20251031_102520_0004.webp\u00bb _builder_version=\u00bb4.27.4&#8243; _module_preset=\u00bbdefault\u00bb body_font_size_tablet=\u00bb\u00bb body_font_size_phone=\u00bb13px\u00bb body_font_size_last_edited=\u00bbon|phone\u00bb author_font_size_tablet=\u00bb\u00bb author_font_size_phone=\u00bb12px\u00bb author_font_size_last_edited=\u00bbon|phone\u00bb global_colors_info=\u00bb{}\u00bb title_text=\u00bb20251031_102520_0004&#8243; sticky_enabled=\u00bb0&#8243;]<\/p>\n<p>\u00abLo que m\u00e1s valoro de las capacitaciones de Arxis es que combinan perfectamente la teor\u00eda con la pr\u00e1ctica. En el taller de alarmas contra incendios no solo vimos diagramas, sino que trabajamos con equipos reales. Eso marca la diferencia.\u00bb<\/p>\n<p>[\/et_pb_testimonial][et_pb_testimonial author=\u00bbAna Rodr\u00edguez\u00bb job_title=\u00bbSeguridad Electr\u00f3nica\u00bb portrait_url=\u00bbhttps:\/\/arxisdemexico.com.mx\/arxis\/wp-content\/uploads\/2025\/11\/20251031_102520_0001.webp\u00bb _builder_version=\u00bb4.27.4&#8243; _module_preset=\u00bbdefault\u00bb body_font_size_tablet=\u00bb\u00bb body_font_size_phone=\u00bb13px\u00bb body_font_size_last_edited=\u00bbon|phone\u00bb author_font_size_tablet=\u00bb\u00bb author_font_size_phone=\u00bb12px\u00bb author_font_size_last_edited=\u00bbon|phone\u00bb global_colors_info=\u00bb{}\u00bb title_text=\u00bb20251031_102520_0001&#8243; hover_enabled=\u00bb0&#8243; sticky_enabled=\u00bb0&#8243;]<\/p>\n<p>\u00abLa capacitaci\u00f3n en HDCV1 X Plus y CCTV con IA fue revolucionaria. Los casos pr\u00e1cticos con tecnolog\u00eda WizMind nos permitieron comprender el real potencial del videoan\u00e1lisis inteligente. \u00ab<\/p>\n<p>[\/et_pb_testimonial][et_pb_testimonial author=\u00bbMar\u00eda Gonz\u00e1lez\u00bb job_title=\u00bbIngeniera en Protecci\u00f3n Civil\u00bb portrait_url=\u00bbhttps:\/\/arxisdemexico.com.mx\/arxis\/wp-content\/uploads\/2025\/11\/20251031_102520_0000.webp\u00bb _builder_version=\u00bb4.27.4&#8243; _module_preset=\u00bbdefault\u00bb body_font_size_tablet=\u00bb\u00bb body_font_size_phone=\u00bb13px\u00bb body_font_size_last_edited=\u00bbon|phone\u00bb author_font_size_tablet=\u00bb\u00bb author_font_size_phone=\u00bb12px\u00bb author_font_size_last_edited=\u00bbon|phone\u00bb global_colors_info=\u00bb{}\u00bb title_text=\u00bb20251031_102520_0000&#8243; hover_enabled=\u00bb0&#8243; sticky_enabled=\u00bb0&#8243;]<\/p>\n<p>\u00abSi est\u00e1n considerando asistir a alg\u00fan taller de Arxis, no lo duden. La inversi\u00f3n en conocimiento siempre retorna. Yo asist\u00ed al de CCTV Dahua y ahora he podido implementar proyectos m\u00e1s complejos y mejor cotizados.\u00bb<\/p>\n<p>[\/et_pb_testimonial][\/et_pb_column][et_pb_column type=\u00bb1_2&#8243; _builder_version=\u00bb4.27.4&#8243; _module_preset=\u00bbdefault\u00bb global_colors_info=\u00bb{}\u00bb][et_pb_testimonial author=\u00bbCarlos Mendoza\u00bb job_title=\u00bbT\u00e9cnico en Seguridad Electr\u00f3nica\u00bb portrait_url=\u00bbhttps:\/\/arxisdemexico.com.mx\/arxis\/wp-content\/uploads\/2025\/11\/20251031_102520_0003.webp\u00bb _builder_version=\u00bb4.27.4&#8243; _module_preset=\u00bbdefault\u00bb body_font_size_tablet=\u00bb\u00bb body_font_size_phone=\u00bb13px\u00bb body_font_size_last_edited=\u00bbon|phone\u00bb author_font_size_tablet=\u00bb\u00bb author_font_size_phone=\u00bb12px\u00bb author_font_size_last_edited=\u00bbon|phone\u00bb global_colors_info=\u00bb{}\u00bb title_text=\u00bb20251031_102520_0003&#8243; hover_enabled=\u00bb0&#8243; sticky_enabled=\u00bb0&#8243;]<\/p>\n<p>\u00abEl taller de alarma contra incendios super\u00f3 mis expectativas. La explicaci\u00f3n del sistema conventional fire alarm fue clara y pr\u00e1ctica. Ahora me siento capaz de instalar y mantener estos sistemas con total confianza.\u00bb<\/p>\n<p>[\/et_pb_testimonial][et_pb_testimonial author=\u00bbRoberto Silva\u00bb job_title=\u00bbIntegrador de Seguridad\u00bb portrait_url=\u00bbhttps:\/\/arxisdemexico.com.mx\/arxis\/wp-content\/uploads\/2025\/11\/20251031_102520_0002.webp\u00bb _builder_version=\u00bb4.27.4&#8243; _module_preset=\u00bbdefault\u00bb body_font_size_tablet=\u00bb\u00bb body_font_size_phone=\u00bb13px\u00bb body_font_size_last_edited=\u00bbon|phone\u00bb author_font_size_tablet=\u00bb\u00bb author_font_size_phone=\u00bb12px\u00bb author_font_size_last_edited=\u00bbon|phone\u00bb global_colors_info=\u00bb{}\u00bb title_text=\u00bb20251031_102520_0002&#8243; hover_enabled=\u00bb0&#8243; sticky_enabled=\u00bb0&#8243;]<\/p>\n<p>\u00abLos capacitadores de Arxis no solo son expertos t\u00e9cnicos, sino que transmiten su conocimiento de manera accesible. Resolvieron nuestras dudas espec\u00edficas de campo con paciencia y expertise.\u00bb<\/p>\n<p>[\/et_pb_testimonial][et_pb_testimonial author=\u00bbCapacitaci\u00f3n en CCTV y Alarmas Dahua\u00bb job_title=\u00bbSeguridad Electr\u00f3nica\u00bb portrait_url=\u00bbhttps:\/\/arxisdemexico.com.mx\/arxis\/wp-content\/uploads\/2017\/07\/Logo_A.png\u00bb portrait_width_tablet=\u00bb\u00bb portrait_width_phone=\u00bb40px\u00bb portrait_width_last_edited=\u00bbon|phone\u00bb portrait_height_tablet=\u00bb\u00bb portrait_height_phone=\u00bb40px\u00bb portrait_height_last_edited=\u00bbon|phone\u00bb _builder_version=\u00bb4.27.4&#8243; _module_preset=\u00bbdefault\u00bb body_font_size_tablet=\u00bb\u00bb body_font_size_phone=\u00bb13px\u00bb body_font_size_last_edited=\u00bbon|phone\u00bb author_font_size_tablet=\u00bb\u00bb author_font_size_phone=\u00bb12px\u00bb author_font_size_last_edited=\u00bbon|phone\u00bb global_colors_info=\u00bb{}\u00bb]<\/p>\n<p>\u00abExcelente jornada de capacitaci\u00f3n en sistemas Dahua. Los instructores demostraron un dominio impresionante de la tecnolog\u00eda CCTV y alarmas. Aprendimos desde la instalaci\u00f3n hasta la configuraci\u00f3n avanzada. \u00a1Totalmente recomendado para profesionales de la seguridad!\u00bb<\/p>\n<p>[\/et_pb_testimonial][\/et_pb_column][\/et_pb_row][\/et_pb_section][et_pb_section fb_built=\u00bb1&#8243; disabled_on=\u00bbon|on|on\u00bb _builder_version=\u00bb4.27.4&#8243; _module_preset=\u00bbdefault\u00bb custom_padding=\u00bb14px||0px|||\u00bb disabled=\u00bbon\u00bb global_colors_info=\u00bb{}\u00bb][et_pb_row disabled_on=\u00bbon|on|on\u00bb _builder_version=\u00bb4.27.4&#8243; _module_preset=\u00bbdefault\u00bb disabled=\u00bbon\u00bb global_colors_info=\u00bb{}\u00bb][et_pb_column type=\u00bb4_4&#8243; _builder_version=\u00bb4.27.4&#8243; _module_preset=\u00bbdefault\u00bb global_colors_info=\u00bb{}\u00bb][et_pb_heading title=\u00bbPor qu\u00e9 elegir nuestras capacitaciones:\u00bb _builder_version=\u00bb4.27.4&#8243; _module_preset=\u00bbdefault\u00bb title_level=\u00bbh2&#8243; title_font=\u00bb|700|||||||\u00bb title_text_align=\u00bbcenter\u00bb title_text_color=\u00bb#000000&#8243; title_font_size=\u00bb42px\u00bb title_line_height=\u00bb1.3em\u00bb global_colors_info=\u00bb{}\u00bb][\/et_pb_heading][\/et_pb_column][\/et_pb_row][et_pb_row column_structure=\u00bb1_5,1_5,1_5,1_5,1_5&#8243; use_custom_gutter=\u00bbon\u00bb gutter_width=\u00bb2&#8243; make_equal=\u00bbon\u00bb disabled_on=\u00bbon|on|on\u00bb _builder_version=\u00bb4.27.4&#8243; _module_preset=\u00bbdefault\u00bb width=\u00bb85%\u00bb max_width=\u00bb85%\u00bb disabled=\u00bbon\u00bb global_colors_info=\u00bb{}\u00bb][et_pb_column type=\u00bb1_5&#8243; _builder_version=\u00bb4.27.4&#8243; _module_preset=\u00bbdefault\u00bb global_colors_info=\u00bb{}\u00bb][et_pb_icon font_icon=\u00bb&#xe078;||divi||400&#8243; icon_color=\u00bb#0C71C3&#8243; _builder_version=\u00bb4.27.4&#8243; _module_preset=\u00bbdefault\u00bb global_colors_info=\u00bb{}\u00bb][\/et_pb_icon][et_pb_heading title=\u00bbInstructores Certificados:\u00bb _builder_version=\u00bb4.27.4&#8243; _module_preset=\u00bbdefault\u00bb title_level=\u00bbh3&#8243; title_font=\u00bb|700|||||||\u00bb title_text_align=\u00bbcenter\u00bb title_font_size=\u00bb20px\u00bb custom_margin=\u00bb||13px|||\u00bb global_colors_info=\u00bb{}\u00bb][\/et_pb_heading][et_pb_heading title=\u00bbNuestro equipo est\u00e1 avalado por las principales marcas.\u00bb _builder_version=\u00bb4.27.4&#8243; _module_preset=\u00bbdefault\u00bb title_level=\u00bbh4&#8243; title_text_align=\u00bbcenter\u00bb title_text_color=\u00bb#000000&#8243; title_line_height=\u00bb1.3em\u00bb global_colors_info=\u00bb{}\u00bb][\/et_pb_heading][\/et_pb_column][et_pb_column type=\u00bb1_5&#8243; _builder_version=\u00bb4.27.4&#8243; _module_preset=\u00bbdefault\u00bb global_colors_info=\u00bb{}\u00bb][et_pb_icon font_icon=\u00bb&#xe033;||divi||400&#8243; icon_color=\u00bb#0C71C3&#8243; _builder_version=\u00bb4.27.4&#8243; _module_preset=\u00bbdefault\u00bb global_colors_info=\u00bb{}\u00bb][\/et_pb_icon][et_pb_heading title=\u00bbMaterial 100% Pr\u00e1ctico:\u00bb _builder_version=\u00bb4.27.4&#8243; _module_preset=\u00bbdefault\u00bb title_level=\u00bbh3&#8243; title_font=\u00bb|700|||||||\u00bb title_text_align=\u00bbcenter\u00bb title_font_size=\u00bb20px\u00bb custom_margin=\u00bb||13px|||\u00bb global_colors_info=\u00bb{}\u00bb][\/et_pb_heading][et_pb_heading title=\u00bbAprende haciendo, con equipos reales y \u00faltimos modelos.\u00bb _builder_version=\u00bb4.27.4&#8243; _module_preset=\u00bbdefault\u00bb title_level=\u00bbh4&#8243; title_text_align=\u00bbcenter\u00bb title_text_color=\u00bb#000000&#8243; title_line_height=\u00bb1.3em\u00bb global_colors_info=\u00bb{}\u00bb][\/et_pb_heading][\/et_pb_column][et_pb_column type=\u00bb1_5&#8243; _builder_version=\u00bb4.27.4&#8243; _module_preset=\u00bbdefault\u00bb global_colors_info=\u00bb{}\u00bb][et_pb_icon font_icon=\u00bb&#xe08b;||divi||400&#8243; icon_color=\u00bb#0C71C3&#8243; _builder_version=\u00bb4.27.4&#8243; _module_preset=\u00bbdefault\u00bb global_colors_info=\u00bb{}\u00bb][\/et_pb_icon][et_pb_heading title=\u00bbGrupos Reducidos:\u00bb _builder_version=\u00bb4.27.4&#8243; _module_preset=\u00bbdefault\u00bb title_level=\u00bbh3&#8243; title_font=\u00bb|700|||||||\u00bb title_text_align=\u00bbcenter\u00bb title_font_size=\u00bb20px\u00bb custom_margin=\u00bb||13px|||\u00bb global_colors_info=\u00bb{}\u00bb][\/et_pb_heading][et_pb_heading title=\u00bbAtenci\u00f3n personalizada para resolver todas tus dudas.\u00bb _builder_version=\u00bb4.27.4&#8243; _module_preset=\u00bbdefault\u00bb title_level=\u00bbh4&#8243; title_text_align=\u00bbcenter\u00bb title_text_color=\u00bb#000000&#8243; title_line_height=\u00bb1.3em\u00bb global_colors_info=\u00bb{}\u00bb][\/et_pb_heading][\/et_pb_column][et_pb_column type=\u00bb1_5&#8243; _builder_version=\u00bb4.27.4&#8243; _module_preset=\u00bbdefault\u00bb global_colors_info=\u00bb{}\u00bb][et_pb_icon font_icon=\u00bb&#xf19d;||fa||900&#8243; icon_color=\u00bb#0C71C3&#8243; _builder_version=\u00bb4.27.4&#8243; _module_preset=\u00bbdefault\u00bb global_colors_info=\u00bb{}\u00bb][\/et_pb_icon][et_pb_heading title=\u00bbCertificado de Participaci\u00f3n:\u00bb _builder_version=\u00bb4.27.4&#8243; _module_preset=\u00bbdefault\u00bb title_level=\u00bbh3&#8243; title_font=\u00bb|700|||||||\u00bb title_text_align=\u00bbcenter\u00bb title_font_size=\u00bb20px\u00bb custom_margin=\u00bb||13px|||\u00bb global_colors_info=\u00bb{}\u00bb][\/et_pb_heading][et_pb_heading title=\u00bbAvala tu aprendizaje y conocimientos.\u00bb _builder_version=\u00bb4.27.4&#8243; _module_preset=\u00bbdefault\u00bb title_level=\u00bbh4&#8243; title_text_align=\u00bbcenter\u00bb title_text_color=\u00bb#000000&#8243; title_line_height=\u00bb1.3em\u00bb global_colors_info=\u00bb{}\u00bb][\/et_pb_heading][\/et_pb_column][et_pb_column type=\u00bb1_5&#8243; _builder_version=\u00bb4.27.4&#8243; _module_preset=\u00bbdefault\u00bb global_colors_info=\u00bb{}\u00bb][et_pb_icon font_icon=\u00bb&#xe0df;||divi||400&#8243; icon_color=\u00bb#0C71C3&#8243; _builder_version=\u00bb4.27.4&#8243; _module_preset=\u00bbdefault\u00bb global_colors_info=\u00bb{}\u00bb][\/et_pb_icon][et_pb_heading title=\u00bbNetwork con otros Profesionales:\u00bb _builder_version=\u00bb4.27.4&#8243; _module_preset=\u00bbdefault\u00bb title_level=\u00bbh3&#8243; title_font=\u00bb|700|||||||\u00bb title_text_align=\u00bbcenter\u00bb title_font_size=\u00bb20px\u00bb custom_margin=\u00bb||13px|||\u00bb global_colors_info=\u00bb{}\u00bb][\/et_pb_heading][et_pb_heading title=\u00bbConecta con otros t\u00e9cnicos del ramo.\u00bb _builder_version=\u00bb4.27.4&#8243; _module_preset=\u00bbdefault\u00bb title_level=\u00bbh4&#8243; title_text_align=\u00bbcenter\u00bb title_text_color=\u00bb#000000&#8243; title_line_height=\u00bb1.3em\u00bb global_colors_info=\u00bb{}\u00bb][\/et_pb_heading][\/et_pb_column][\/et_pb_row][et_pb_row _builder_version=\u00bb4.27.4&#8243; _module_preset=\u00bbdefault\u00bb width=\u00bb95%\u00bb max_width=\u00bb95%\u00bb global_colors_info=\u00bb{}\u00bb][et_pb_column type=\u00bb4_4&#8243; _builder_version=\u00bb4.27.4&#8243; _module_preset=\u00bbdefault\u00bb global_colors_info=\u00bb{}\u00bb][et_pb_image src=\u00bbhttps:\/\/arxisdemexico.com.mx\/arxis\/wp-content\/uploads\/2025\/10\/Porque-elegir-nuestras-capacitaciones.webp\u00bb title_text=\u00bbPorqu\u00e9 elegir nuestras capacitaciones\u00bb _builder_version=\u00bb4.27.4&#8243; _module_preset=\u00bbdefault\u00bb global_colors_info=\u00bb{}\u00bb][\/et_pb_image][\/et_pb_column][\/et_pb_row][et_pb_row _builder_version=\u00bb4.27.4&#8243; _module_preset=\u00bbdefault\u00bb custom_padding=\u00bb7px|||||\u00bb global_colors_info=\u00bb{}\u00bb][et_pb_column type=\u00bb4_4&#8243; _builder_version=\u00bb4.27.4&#8243; _module_preset=\u00bbdefault\u00bb global_colors_info=\u00bb{}\u00bb][et_pb_heading title=\u00bb\u00bfListo para llevar tus habilidades al siguiente nivel? \u00a1Cont\u00e1ctanos!\u00bb _builder_version=\u00bb4.27.4&#8243; _module_preset=\u00bbdefault\u00bb title_level=\u00bbh3&#8243; title_font=\u00bb|700|||||||\u00bb title_text_align=\u00bbcenter\u00bb title_text_color=\u00bb#E02B20&#8243; title_font_size=\u00bb28px\u00bb title_line_height=\u00bb1.3em\u00bb global_colors_info=\u00bb{}\u00bb][\/et_pb_heading][\/et_pb_column][\/et_pb_row][\/et_pb_section][et_pb_section fb_built=\u00bb1&#8243; _builder_version=\u00bb4.27.4&#8243; _module_preset=\u00bbdefault\u00bb global_colors_info=\u00bb{}\u00bb][et_pb_row _builder_version=\u00bb4.27.4&#8243; _module_preset=\u00bbdefault\u00bb global_colors_info=\u00bb{}\u00bb][et_pb_column type=\u00bb4_4&#8243; _builder_version=\u00bb4.27.4&#8243; _module_preset=\u00bbdefault\u00bb global_colors_info=\u00bb{}\u00bb][ecmd_events_layouts posts_number=\u00bb3&#8243; _builder_version=\u00bb4.27.4&#8243; _module_preset=\u00bbdefault\u00bb global_colors_info=\u00bb{}\u00bb][\/ecmd_events_layouts][\/et_pb_column][\/et_pb_row][\/et_pb_section]<\/p>\n","protected":false},"excerpt":{"rendered":"<p><div class=\"et_pb_module wdcl_image_carousel wdcl_image_carousel_0\">\n\t\t\t\t\n\t\t\t\t\n\t\t\t\t\n\t\t\t\t\n\t\t\t\t\n\t\t\t\t\n\t\t\t\t<div class=\"et_pb_module_inner\">\n\t\t\t\t\t<div dir=\"ltr\" class=\"dcm-container dcm-carousel-maker dcm-lightbox-disabled\" data-pagi=\"false\"\n\t\t\tdata-pagi-tablet=\"false\"\n\t\t\tdata-pagi-phone=\"false\"\n\t\t\tdata-nav=\"true\"\n\t\t\tdata-nav-tablet=\"true\"\n\t\t\tdata-nav-phone=\"true\"\n\t\t\tdata-autoplay=\"on\"\n\t\t\tdata-autoplay-speed=\"2000ms\"\n\t\t\tdata-speed=\"1800ms\"\n\t\t\tdata-slides=\"1\"\n\t\t\tdata-slides-tablet=\"1\"\n\t\t\tdata-slides-phone=\"1\"\n\t\t\tdata-center=\"off\"\n\t\t\tdata-center-mode-type=\"classic\"\n\t\t\tdata-center-padding=\"70px||\"\n\t\t\tdata-vertical=\"off\"\n\t\t\tdata-icon-left=\"4\"\n\t\t\tdata-icon-right=\"5\"\n\t\t\tdata-infinite=\"on\"\n\t\t\tdata-variable-width=\"off\"\n\t\t\tdata-auto-height=\"off\"\n\t\t\tdata-items-scroll=\"1||\"\n\t\t\tdata-fade=\"off\"\n\t\t\tdata-dir=\"ltr\">\n                <div class=\"wdcl_image_carousel_child wdcl_image_carousel_child_0 wdc_et_pb_module\">\n\t\t\t\t\n\t\t\t\t\n\t\t\t\t\n\t\t\t\t\n\t\t\t\t\n\t\t\t\t\n\t\t\t\t<div class=\"et_pb_module_inner\">\n\t\t\t\t\t<div class=\"dcm-carousel-item dcm-image-swap dcm-hover--none\">\n\t\t\t\t<figure class=\"dcm-lightbox-ctrl\">\n\t\t\t\t<div class=\"dcm-overlay\" data-icon=\"\"><\/div>\n\t\t\t\t<img decoding=\"async\" class=\"dcm-main-img\" data-mfp-src=\"https:\/\/arxisdemexico.com.mx\/arxis\/wp-content\/uploads\/2025\/10\/Banner-seccion-Capacitacion.webp\" src=\"https:\/\/arxisdemexico.com.mx\/arxis\/wp-content\/uploads\/2025\/10\/Banner-seccion-Capacitacion.webp\" alt=\"\"\/>\n            <\/figure> \n\t\t\t<\/div>\n\t\t\t\t<\/div>\n\t\t\t<\/div><div class=\"wdcl_image_carousel_child wdcl_image_carousel_child_1 wdc_et_pb_module\">\n\t\t\t\t\n\t\t\t\t\n\t\t\t\t\n\t\t\t\t\n\t\t\t\t\n\t\t\t\t\n\t\t\t\t<div class=\"et_pb_module_inner\">\n\t\t\t\t\t<div class=\"dcm-carousel-item dcm-image-swap dcm-hover--none\">\n\t\t\t\t<figure class=\"dcm-lightbox-ctrl\">\n\t\t\t\t<div class=\"dcm-overlay\" data-icon=\"\"><\/div>\n\t\t\t\t<img decoding=\"async\" class=\"dcm-main-img\" data-mfp-src=\"https:\/\/arxisdemexico.com.mx\/arxis\/wp-content\/uploads\/2025\/10\/1.jpg\" src=\"https:\/\/arxisdemexico.com.mx\/arxis\/wp-content\/uploads\/2025\/10\/1.jpg\" alt=\"\"\/>\n            <\/figure> \n\t\t\t<\/div>\n\t\t\t\t<\/div>\n\t\t\t<\/div><div class=\"wdcl_image_carousel_child wdcl_image_carousel_child_2 wdc_et_pb_module\">\n\t\t\t\t\n\t\t\t\t\n\t\t\t\t\n\t\t\t\t\n\t\t\t\t\n\t\t\t\t\n\t\t\t\t<div class=\"et_pb_module_inner\">\n\t\t\t\t\t<div class=\"dcm-carousel-item dcm-image-swap dcm-hover--none\">\n\t\t\t\t<figure class=\"dcm-lightbox-ctrl\">\n\t\t\t\t<div class=\"dcm-overlay\" data-icon=\"\"><\/div>\n\t\t\t\t<img decoding=\"async\" class=\"dcm-main-img\" data-mfp-src=\"https:\/\/arxisdemexico.com.mx\/arxis\/wp-content\/uploads\/2025\/10\/2.jpg\" src=\"https:\/\/arxisdemexico.com.mx\/arxis\/wp-content\/uploads\/2025\/10\/2.jpg\" alt=\"\"\/>\n            <\/figure> \n\t\t\t<\/div>\n\t\t\t\t<\/div>\n\t\t\t<\/div><div class=\"wdcl_image_carousel_child wdcl_image_carousel_child_3 wdc_et_pb_module\">\n\t\t\t\t\n\t\t\t\t\n\t\t\t\t\n\t\t\t\t\n\t\t\t\t\n\t\t\t\t\n\t\t\t\t<div class=\"et_pb_module_inner\">\n\t\t\t\t\t<div class=\"dcm-carousel-item dcm-image-swap dcm-hover--none\">\n\t\t\t\t<figure class=\"dcm-lightbox-ctrl\">\n\t\t\t\t<div class=\"dcm-overlay\" data-icon=\"\"><\/div>\n\t\t\t\t<img decoding=\"async\" class=\"dcm-main-img\" data-mfp-src=\"https:\/\/arxisdemexico.com.mx\/arxis\/wp-content\/uploads\/2025\/10\/3.jpg\" src=\"https:\/\/arxisdemexico.com.mx\/arxis\/wp-content\/uploads\/2025\/10\/3.jpg\" alt=\"\"\/>\n            <\/figure> \n\t\t\t<\/div>\n\t\t\t\t<\/div>\n\t\t\t<\/div><div class=\"wdcl_image_carousel_child wdcl_image_carousel_child_4 wdc_et_pb_module\">\n\t\t\t\t\n\t\t\t\t\n\t\t\t\t\n\t\t\t\t\n\t\t\t\t\n\t\t\t\t\n\t\t\t\t<div class=\"et_pb_module_inner\">\n\t\t\t\t\t<div class=\"dcm-carousel-item dcm-image-swap dcm-hover--none\">\n\t\t\t\t<figure class=\"dcm-lightbox-ctrl\">\n\t\t\t\t<div class=\"dcm-overlay\" data-icon=\"\"><\/div>\n\t\t\t\t<img decoding=\"async\" class=\"dcm-main-img\" data-mfp-src=\"https:\/\/arxisdemexico.com.mx\/arxis\/wp-content\/uploads\/2025\/10\/4.jpg\" src=\"https:\/\/arxisdemexico.com.mx\/arxis\/wp-content\/uploads\/2025\/10\/4.jpg\" alt=\"\"\/>\n            <\/figure> \n\t\t\t<\/div>\n\t\t\t\t<\/div>\n\t\t\t<\/div>\n            <\/div>\n\t\t\t\t<\/div>\n\t\t\t<\/div>En Arxis, no [&hellip;]<\/p>\n","protected":false},"author":6,"featured_media":0,"parent":0,"menu_order":0,"comment_status":"closed","ping_status":"closed","template":"","meta":{"_et_pb_use_builder":"on","_et_pb_old_content":"","_et_gb_content_width":"","footnotes":""},"class_list":["post-22633","page","type-page","status-publish","hentry"],"_links":{"self":[{"href":"https:\/\/arxisdemexico.com.mx\/arxis\/wp-json\/wp\/v2\/pages\/22633","targetHints":{"allow":["GET"]}}],"collection":[{"href":"https:\/\/arxisdemexico.com.mx\/arxis\/wp-json\/wp\/v2\/pages"}],"about":[{"href":"https:\/\/arxisdemexico.com.mx\/arxis\/wp-json\/wp\/v2\/types\/page"}],"author":[{"embeddable":true,"href":"https:\/\/arxisdemexico.com.mx\/arxis\/wp-json\/wp\/v2\/users\/6"}],"replies":[{"embeddable":true,"href":"https:\/\/arxisdemexico.com.mx\/arxis\/wp-json\/wp\/v2\/comments?post=22633"}],"version-history":[{"count":14,"href":"https:\/\/arxisdemexico.com.mx\/arxis\/wp-json\/wp\/v2\/pages\/22633\/revisions"}],"predecessor-version":[{"id":38524,"href":"https:\/\/arxisdemexico.com.mx\/arxis\/wp-json\/wp\/v2\/pages\/22633\/revisions\/38524"}],"wp:attachment":[{"href":"https:\/\/arxisdemexico.com.mx\/arxis\/wp-json\/wp\/v2\/media?parent=22633"}],"curies":[{"name":"wp","href":"https:\/\/api.w.org\/{rel}","templated":true}]}}